{"id":2054,"date":"2025-02-14T16:58:53","date_gmt":"2025-02-14T16:58:53","guid":{"rendered":"https:\/\/euroissues.pt\/?page_id=2054"},"modified":"2025-05-20T12:34:09","modified_gmt":"2025-05-20T12:34:09","slug":"4a-conferencia-europeia-de-geografias-rurais-boasvindas","status":"publish","type":"page","link":"https:\/\/euroissues.pt\/en\/4a-conferencia-europeia-de-geografias-rurais-boasvindas\/","title":{"rendered":"Welcome"},"content":{"rendered":"<div data-elementor-type=\"wp-page\" data-elementor-id=\"2054\" class=\"elementor elementor-2054\" data-elementor-post-type=\"page\">\n\t\t\t\t<div class=\"elementor-element elementor-element-da87784 e-flex e-con-boxed e-con e-parent\" data-id=\"da87784\" data-element_type=\"container\" data-e-type=\"container\">\n\t\t\t\t\t<div class=\"e-con-inner\">\n\t\t\t\t<div class=\"elementor-element elementor-element-8be7ff5 elementor-widget elementor-widget-heading\" data-id=\"8be7ff5\" data-element_type=\"widget\" data-e-type=\"widget\" data-widget_type=\"heading.default\">\n\t\t\t\t<div class=\"elementor-widget-container\">\n\t\t\t\t\t<h2 class=\"elementor-heading-title elementor-size-default\">\n4th European Rural Geographies Conference<\/h2>\t\t\t\t<\/div>\n\t\t\t\t<\/div>\n\t\t\t\t\t<\/div>\n\t\t\t\t<\/div>\n\t\t<div class=\"elementor-element elementor-element-e18831e e-flex e-con-boxed e-con e-parent\" data-id=\"e18831e\" data-element_type=\"container\" data-e-type=\"container\">\n\t\t\t\t\t<div class=\"e-con-inner\">\n\t\t<div class=\"elementor-element elementor-element-546bbee e-con-full e-flex e-con e-child\" data-id=\"546bbee\" data-element_type=\"container\" data-e-type=\"container\">\n\t\t\t\t<div class=\"elementor-element elementor-element-3cd52692 elementor-widget elementor-widget-text-editor\" data-id=\"3cd52692\" data-element_type=\"widget\" data-e-type=\"widget\" data-widget_type=\"text-editor.default\">\n\t\t\t\t<div class=\"elementor-widget-container\">\n\t\t\t\t\t\t\t\t\t<p>It is with great pleasure that we invite you to <strong>4th European Rural Geographies Conference<\/strong> which will take place in the vibrant city of Porto, Portugal, <strong>June 22-26, 2026.<\/strong> This will be an opportunity to enjoy the most wonderful and famous night of the year in this city, from June 23rd to 24th, the night of Saint John. This conference will bring together academics, researchers and practitioners from around the world.<\/p><p>The conference will provide a platform for engaging discussions, insightful presentations, and valuable networking opportunities. Participants will have the chance to explore key topics in rural geography, exchange ideas, and contribute to shaping the future of rural studies.<\/p><p>The programme will feature keynote speeches from distinguished experts, paper and poster sessions, as well as field trips that showcase the unique rural landscapes and development initiatives in Portugal.<\/p><p>We would be honoured by your presence and contribution to this event. Further details regarding registration, abstract submissions, and the full programme will be made available soon.<\/p><p>We would greatly appreciate it if you could share this event through your networking circle.<\/p><p>Should you have any questions, please do not hesitate to contact us at<span style=\"color: #008000;\"> <strong><a style=\"color: #008000;\" href=\"mailto:4-ruralgeographies@euroissues.pt\">4-ruralgeographies@euroissues.pt<\/a><\/strong><\/span>. We look forward to welcoming you to Porto in 2026!<\/p><p><span style=\"color: #ffffff;\">\u00a0<\/span><\/p><p>Best regards,<\/p><p>Helena Pina<\/p><p><!-- \/wp:paragraph --><\/p>\t\t\t\t\t\t\t\t<\/div>\n\t\t\t\t<\/div>\n\t\t\t\t<\/div>\n\t\t<div class=\"elementor-element elementor-element-44d177e e-con-full e-flex e-con e-child\" data-id=\"44d177e\" data-element_type=\"container\" data-e-type=\"container\">\n\t\t\t\t<div class=\"elementor-element elementor-element-c46358a elementor-widget elementor-widget-image\" data-id=\"c46358a\" data-element_type=\"widget\" data-e-type=\"widget\" data-widget_type=\"image.default\">\n\t\t\t\t<div class=\"elementor-widget-container\">\n\t\t\t\t\t\t\t\t\t\t\t\t\t\t\t\t<a href=\"https:\/\/euroissues.pt\/wp-content\/uploads\/2025\/05\/CARTAZ_barco_rabelo-scaled.jpg\" data-elementor-open-lightbox=\"yes\" data-e-action-hash=\"#elementor-action%3Aaction%3Dlightbox%26settings%3DeyJpZCI6MzAyOSwidXJsIjpmYWxzZX0%3D\">\n\t\t\t\t\t\t\t<img decoding=\"async\" src=\"https:\/\/euroissues.pt\/wp-content\/uploads\/2025\/05\/CARTAZ_barco_rabelo-scaled.jpg\" title=\"\" alt=\"\" loading=\"lazy\" \/>\t\t\t\t\t\t\t\t<\/a>\n\t\t\t\t\t\t\t\t\t\t\t\t\t\t\t<\/div>\n\t\t\t\t<\/div>\n\t\t\t\t<\/div>\n\t\t\t\t\t<\/div>\n\t\t\t\t<\/div>\n\t\t<div class=\"elementor-element elementor-element-5ac66f3 e-flex e-con-boxed e-con e-parent\" data-id=\"5ac66f3\" data-element_type=\"container\" data-e-type=\"container\">\n\t\t\t\t\t<div class=\"e-con-inner\">\n\t\t\t\t<div class=\"elementor-element elementor-element-f1ced9c elementor-widget elementor-widget-button\" data-id=\"f1ced9c\" data-element_type=\"widget\" data-e-type=\"widget\" data-widget_type=\"button.default\">\n\t\t\t\t<div class=\"elementor-widget-container\">\n\t\t\t\t\t\t\t\t\t<div class=\"elementor-button-wrapper\">\n\t\t\t\t\t<a class=\"elementor-button elementor-button-link elementor-size-sm\" href=\"https:\/\/euroissues.pt\/wp-content\/uploads\/2025\/02\/4th_Rural_Geographies_Abstract_Submission_Template_final.docx\">\n\t\t\t\t\t\t<span class=\"elementor-button-content-wrapper\">\n\t\t\t\t\t\t<span class=\"elementor-button-icon\">\n\t\t\t\t<svg aria-hidden=\"true\" class=\"e-font-icon-svg e-fas-file-word\" viewbox=\"0 0 384 512\" xmlns=\"http:\/\/www.w3.org\/2000\/svg\"><path d=\"M224 136V0H24C10.7 0 0 10.7 0 24v464c0 13.3 10.7 24 24 24h336c13.3 0 24-10.7 24-24V160H248c-13.2 0-24-10.8-24-24zm57.1 120H305c7.7 0 13.4 7.1 11.7 14.7l-38 168c-1.2 5.5-6.1 9.3-11.7 9.3h-38c-5.5 0-10.3-3.8-11.6-9.1-25.8-103.5-20.8-81.2-25.6-110.5h-.5c-1.1 14.3-2.4 17.4-25.6 110.5-1.3 5.3-6.1 9.1-11.6 9.1H117c-5.6 0-10.5-3.9-11.7-9.4l-37.8-168c-1.7-7.5 4-14.6 11.7-14.6h24.5c5.7 0 10.7 4 11.8 9.7 15.6 78 20.1 109.5 21 122.2 1.6-10.2 7.3-32.7 29.4-122.7 1.3-5.4 6.1-9.1 11.7-9.1h29.1c5.6 0 10.4 3.8 11.7 9.2 24 100.4 28.8 124 29.6 129.4-.2-11.2-2.6-17.8 21.6-129.2 1-5.6 5.9-9.5 11.5-9.5zM384 121.9v6.1H256V0h6.1c6.4 0 12.5 2.5 17 7l97.9 98c4.5 4.5 7 10.6 7 16.9z\"><\/path><\/svg>\t\t\t<\/span>\n\t\t\t\t\t\t\t\t\t<span class=\"elementor-button-text\">Template - Abstract<\/span>\n\t\t\t\t\t<\/span>\n\t\t\t\t\t<\/a>\n\t\t\t\t<\/div>\n\t\t\t\t\t\t\t\t<\/div>\n\t\t\t\t<\/div>\n\t\t\t\t\t<\/div>\n\t\t\t\t<\/div>\n\t\t\t\t<\/div>","protected":false},"excerpt":{"rendered":"<p>4\u00aa Confer\u00eancia Europeia de Geografias Rurais \u00c9 com grande prazer que o(a) convidamos para a 4\u00aa Confer\u00eancia Europeia de Geografias Rurais, que ter\u00e1 lugar na vibrante cidade do Porto, Portugal, de 22 a 26 de junho de 2026. Esta ser\u00e1 uma oportunidade para desfrutar da mais maravilhosa e famosa noite do ano nesta cidade, de [&hellip;]<\/p>\n","protected":false},"author":1,"featured_media":0,"parent":0,"menu_order":0,"comment_status":"closed","ping_status":"closed","template":"","meta":{"ocean_post_layout":"","ocean_both_sidebars_style":"","ocean_both_sidebars_content_width":0,"ocean_both_sidebars_sidebars_width":0,"ocean_sidebar":"","ocean_second_sidebar":"","ocean_disable_margins":"enable","ocean_add_body_class":"","ocean_shortcode_before_top_bar":"","ocean_shortcode_after_top_bar":"","ocean_shortcode_before_header":"","ocean_shortcode_after_header":"","ocean_has_shortcode":"","ocean_shortcode_after_title":"","ocean_shortcode_before_footer_widgets":"","ocean_shortcode_after_footer_widgets":"","ocean_shortcode_before_footer_bottom":"","ocean_shortcode_after_footer_bottom":"","ocean_display_top_bar":"default","ocean_display_header":"default","ocean_header_style":"","ocean_center_header_left_menu":"","ocean_custom_header_template":"","ocean_custom_logo":0,"ocean_custom_retina_logo":0,"ocean_custom_logo_max_width":0,"ocean_custom_logo_tablet_max_width":0,"ocean_custom_logo_mobile_max_width":0,"ocean_custom_logo_max_height":0,"ocean_custom_logo_tablet_max_height":0,"ocean_custom_logo_mobile_max_height":0,"ocean_header_custom_menu":"","ocean_menu_typo_font_family":"","ocean_menu_typo_font_subset":"","ocean_menu_typo_font_size":0,"ocean_menu_typo_font_size_tablet":0,"ocean_menu_typo_font_size_mobile":0,"ocean_menu_typo_font_size_unit":"px","ocean_menu_typo_font_weight":"","ocean_menu_typo_font_weight_tablet":"","ocean_menu_typo_font_weight_mobile":"","ocean_menu_typo_transform":"","ocean_menu_typo_transform_tablet":"","ocean_menu_typo_transform_mobile":"","ocean_menu_typo_line_height":0,"ocean_menu_typo_line_height_tablet":0,"ocean_menu_typo_line_height_mobile":0,"ocean_menu_typo_line_height_unit":"","ocean_menu_typo_spacing":0,"ocean_menu_typo_spacing_tablet":0,"ocean_menu_typo_spacing_mobile":0,"ocean_menu_typo_spacing_unit":"","ocean_menu_link_color":"","ocean_menu_link_color_hover":"","ocean_menu_link_color_active":"","ocean_menu_link_background":"","ocean_menu_link_hover_background":"","ocean_menu_link_active_background":"","ocean_menu_social_links_bg":"","ocean_menu_social_hover_links_bg":"","ocean_menu_social_links_color":"","ocean_menu_social_hover_links_color":"","ocean_disable_title":"default","ocean_disable_heading":"default","ocean_post_title":"","ocean_post_subheading":"","ocean_post_title_style":"","ocean_post_title_background_color":"","ocean_post_title_background":0,"ocean_post_title_bg_image_position":"","ocean_post_title_bg_image_attachment":"","ocean_post_title_bg_image_repeat":"","ocean_post_title_bg_image_size":"","ocean_post_title_height":0,"ocean_post_title_bg_overlay":0.5,"ocean_post_title_bg_overlay_color":"","ocean_disable_breadcrumbs":"default","ocean_breadcrumbs_color":"","ocean_breadcrumbs_separator_color":"","ocean_breadcrumbs_links_color":"","ocean_breadcrumbs_links_hover_color":"","ocean_display_footer_widgets":"default","ocean_display_footer_bottom":"default","ocean_custom_footer_template":"","footnotes":""},"class_list":["post-2054","page","type-page","status-publish","hentry","entry"],"yoast_head":"<!-- This site is optimized with the Yoast SEO plugin v27.5 - https:\/\/yoast.com\/product\/yoast-seo-wordpress\/ -->\n<title>Boas Vindas - EUROISSUES<\/title>\n<meta name=\"robots\" content=\"index, follow, max-snippet:-1, max-image-preview:large, max-video-preview:-1\" \/>\n<link rel=\"canonical\" href=\"https:\/\/euroissues.pt\/en\/4a-conferencia-europeia-de-geografias-rurais-boasvindas\/\" \/>\n<meta property=\"og:locale\" content=\"en_GB\" \/>\n<meta property=\"og:type\" content=\"article\" \/>\n<meta property=\"og:title\" content=\"Boas Vindas - EUROISSUES\" \/>\n<meta property=\"og:description\" content=\"4\u00aa Confer\u00eancia Europeia de Geografias Rurais \u00c9 com grande prazer que o(a) convidamos para a 4\u00aa Confer\u00eancia Europeia de Geografias Rurais, que ter\u00e1 lugar na vibrante cidade do Porto, Portugal, de 22 a 26 de junho de 2026. Esta ser\u00e1 uma oportunidade para desfrutar da mais maravilhosa e famosa noite do ano nesta cidade, de [&hellip;]\" \/>\n<meta property=\"og:url\" content=\"https:\/\/euroissues.pt\/en\/4a-conferencia-europeia-de-geografias-rurais-boasvindas\/\" \/>\n<meta property=\"og:site_name\" content=\"EUROISSUES\" \/>\n<meta property=\"article:modified_time\" content=\"2025-05-20T12:34:09+00:00\" \/>\n<meta property=\"og:image\" content=\"https:\/\/euroissues.pt\/wp-content\/uploads\/2025\/05\/CARTAZ_barco_rabelo-724x1024.jpg\" \/>\n<meta name=\"twitter:card\" content=\"summary_large_image\" \/>\n<meta name=\"twitter:label1\" content=\"Estimated reading time\" \/>\n\t<meta name=\"twitter:data1\" content=\"2 minutes\" \/>\n<script type=\"application\/ld+json\" class=\"yoast-schema-graph\">{\"@context\":\"https:\\\/\\\/schema.org\",\"@graph\":[{\"@type\":\"WebPage\",\"@id\":\"https:\\\/\\\/euroissues.pt\\\/4a-conferencia-europeia-de-geografias-rurais-boasvindas\\\/\",\"url\":\"https:\\\/\\\/euroissues.pt\\\/4a-conferencia-europeia-de-geografias-rurais-boasvindas\\\/\",\"name\":\"Boas Vindas - EUROISSUES\",\"isPartOf\":{\"@id\":\"https:\\\/\\\/euroissues.pt\\\/#website\"},\"primaryImageOfPage\":{\"@id\":\"https:\\\/\\\/euroissues.pt\\\/4a-conferencia-europeia-de-geografias-rurais-boasvindas\\\/#primaryimage\"},\"image\":{\"@id\":\"https:\\\/\\\/euroissues.pt\\\/4a-conferencia-europeia-de-geografias-rurais-boasvindas\\\/#primaryimage\"},\"thumbnailUrl\":\"https:\\\/\\\/euroissues.pt\\\/wp-content\\\/uploads\\\/2025\\\/05\\\/CARTAZ_barco_rabelo-724x1024.jpg\",\"datePublished\":\"2025-02-14T16:58:53+00:00\",\"dateModified\":\"2025-05-20T12:34:09+00:00\",\"breadcrumb\":{\"@id\":\"https:\\\/\\\/euroissues.pt\\\/4a-conferencia-europeia-de-geografias-rurais-boasvindas\\\/#breadcrumb\"},\"inLanguage\":\"en-GB\",\"potentialAction\":[{\"@type\":\"ReadAction\",\"target\":[\"https:\\\/\\\/euroissues.pt\\\/4a-conferencia-europeia-de-geografias-rurais-boasvindas\\\/\"]}]},{\"@type\":\"ImageObject\",\"inLanguage\":\"en-GB\",\"@id\":\"https:\\\/\\\/euroissues.pt\\\/4a-conferencia-europeia-de-geografias-rurais-boasvindas\\\/#primaryimage\",\"url\":\"https:\\\/\\\/euroissues.pt\\\/wp-content\\\/uploads\\\/2025\\\/05\\\/CARTAZ_barco_rabelo-724x1024.jpg\",\"contentUrl\":\"https:\\\/\\\/euroissues.pt\\\/wp-content\\\/uploads\\\/2025\\\/05\\\/CARTAZ_barco_rabelo-724x1024.jpg\"},{\"@type\":\"BreadcrumbList\",\"@id\":\"https:\\\/\\\/euroissues.pt\\\/4a-conferencia-europeia-de-geografias-rurais-boasvindas\\\/#breadcrumb\",\"itemListElement\":[{\"@type\":\"ListItem\",\"position\":1,\"name\":\"In\u00edcio\",\"item\":\"https:\\\/\\\/euroissues.pt\\\/\"},{\"@type\":\"ListItem\",\"position\":2,\"name\":\"Boas Vindas\"}]},{\"@type\":\"WebSite\",\"@id\":\"https:\\\/\\\/euroissues.pt\\\/#website\",\"url\":\"https:\\\/\\\/euroissues.pt\\\/\",\"name\":\"EUROISSUES\",\"description\":\"Constru\u00e7\u00e3o de Territ\u00f3rios Resilientes e Sustent\u00e1veis\",\"publisher\":{\"@id\":\"https:\\\/\\\/euroissues.pt\\\/#organization\"},\"potentialAction\":[{\"@type\":\"SearchAction\",\"target\":{\"@type\":\"EntryPoint\",\"urlTemplate\":\"https:\\\/\\\/euroissues.pt\\\/?s={search_term_string}\"},\"query-input\":{\"@type\":\"PropertyValueSpecification\",\"valueRequired\":true,\"valueName\":\"search_term_string\"}}],\"inLanguage\":\"en-GB\"},{\"@type\":\"Organization\",\"@id\":\"https:\\\/\\\/euroissues.pt\\\/#organization\",\"name\":\"EUROISSUES\",\"url\":\"https:\\\/\\\/euroissues.pt\\\/\",\"logo\":{\"@type\":\"ImageObject\",\"inLanguage\":\"en-GB\",\"@id\":\"https:\\\/\\\/euroissues.pt\\\/#\\\/schema\\\/logo\\\/image\\\/\",\"url\":\"https:\\\/\\\/euroissues.pt\\\/wp-content\\\/uploads\\\/2024\\\/06\\\/cropped-logo_2.png\",\"contentUrl\":\"https:\\\/\\\/euroissues.pt\\\/wp-content\\\/uploads\\\/2024\\\/06\\\/cropped-logo_2.png\",\"width\":500,\"height\":138,\"caption\":\"EUROISSUES\"},\"image\":{\"@id\":\"https:\\\/\\\/euroissues.pt\\\/#\\\/schema\\\/logo\\\/image\\\/\"}}]}<\/script>\n<!-- \/ Yoast SEO plugin. -->","yoast_head_json":{"title":"Boas Vindas - EUROISSUES","robots":{"index":"index","follow":"follow","max-snippet":"max-snippet:-1","max-image-preview":"max-image-preview:large","max-video-preview":"max-video-preview:-1"},"canonical":"https:\/\/euroissues.pt\/en\/4a-conferencia-europeia-de-geografias-rurais-boasvindas\/","og_locale":"en_GB","og_type":"article","og_title":"Boas Vindas - EUROISSUES","og_description":"4\u00aa Confer\u00eancia Europeia de Geografias Rurais \u00c9 com grande prazer que o(a) convidamos para a 4\u00aa Confer\u00eancia Europeia de Geografias Rurais, que ter\u00e1 lugar na vibrante cidade do Porto, Portugal, de 22 a 26 de junho de 2026. Esta ser\u00e1 uma oportunidade para desfrutar da mais maravilhosa e famosa noite do ano nesta cidade, de [&hellip;]","og_url":"https:\/\/euroissues.pt\/en\/4a-conferencia-europeia-de-geografias-rurais-boasvindas\/","og_site_name":"EUROISSUES","article_modified_time":"2025-05-20T12:34:09+00:00","og_image":[{"url":"https:\/\/euroissues.pt\/wp-content\/uploads\/2025\/05\/CARTAZ_barco_rabelo-724x1024.jpg","type":"","width":"","height":""}],"twitter_card":"summary_large_image","twitter_misc":{"Estimated reading time":"2 minutes"},"schema":{"@context":"https:\/\/schema.org","@graph":[{"@type":"WebPage","@id":"https:\/\/euroissues.pt\/4a-conferencia-europeia-de-geografias-rurais-boasvindas\/","url":"https:\/\/euroissues.pt\/4a-conferencia-europeia-de-geografias-rurais-boasvindas\/","name":"Boas Vindas - EUROISSUES","isPartOf":{"@id":"https:\/\/euroissues.pt\/#website"},"primaryImageOfPage":{"@id":"https:\/\/euroissues.pt\/4a-conferencia-europeia-de-geografias-rurais-boasvindas\/#primaryimage"},"image":{"@id":"https:\/\/euroissues.pt\/4a-conferencia-europeia-de-geografias-rurais-boasvindas\/#primaryimage"},"thumbnailUrl":"https:\/\/euroissues.pt\/wp-content\/uploads\/2025\/05\/CARTAZ_barco_rabelo-724x1024.jpg","datePublished":"2025-02-14T16:58:53+00:00","dateModified":"2025-05-20T12:34:09+00:00","breadcrumb":{"@id":"https:\/\/euroissues.pt\/4a-conferencia-europeia-de-geografias-rurais-boasvindas\/#breadcrumb"},"inLanguage":"en-GB","potentialAction":[{"@type":"ReadAction","target":["https:\/\/euroissues.pt\/4a-conferencia-europeia-de-geografias-rurais-boasvindas\/"]}]},{"@type":"ImageObject","inLanguage":"en-GB","@id":"https:\/\/euroissues.pt\/4a-conferencia-europeia-de-geografias-rurais-boasvindas\/#primaryimage","url":"https:\/\/euroissues.pt\/wp-content\/uploads\/2025\/05\/CARTAZ_barco_rabelo-724x1024.jpg","contentUrl":"https:\/\/euroissues.pt\/wp-content\/uploads\/2025\/05\/CARTAZ_barco_rabelo-724x1024.jpg"},{"@type":"BreadcrumbList","@id":"https:\/\/euroissues.pt\/4a-conferencia-europeia-de-geografias-rurais-boasvindas\/#breadcrumb","itemListElement":[{"@type":"ListItem","position":1,"name":"In\u00edcio","item":"https:\/\/euroissues.pt\/"},{"@type":"ListItem","position":2,"name":"Boas Vindas"}]},{"@type":"WebSite","@id":"https:\/\/euroissues.pt\/#website","url":"https:\/\/euroissues.pt\/","name":"EUROISSUES","description":"Constru\u00e7\u00e3o de Territ\u00f3rios Resilientes e Sustent\u00e1veis","publisher":{"@id":"https:\/\/euroissues.pt\/#organization"},"potentialAction":[{"@type":"SearchAction","target":{"@type":"EntryPoint","urlTemplate":"https:\/\/euroissues.pt\/?s={search_term_string}"},"query-input":{"@type":"PropertyValueSpecification","valueRequired":true,"valueName":"search_term_string"}}],"inLanguage":"en-GB"},{"@type":"Organization","@id":"https:\/\/euroissues.pt\/#organization","name":"EUROISSUES","url":"https:\/\/euroissues.pt\/","logo":{"@type":"ImageObject","inLanguage":"en-GB","@id":"https:\/\/euroissues.pt\/#\/schema\/logo\/image\/","url":"https:\/\/euroissues.pt\/wp-content\/uploads\/2024\/06\/cropped-logo_2.png","contentUrl":"https:\/\/euroissues.pt\/wp-content\/uploads\/2024\/06\/cropped-logo_2.png","width":500,"height":138,"caption":"EUROISSUES"},"image":{"@id":"https:\/\/euroissues.pt\/#\/schema\/logo\/image\/"}}]}},"_links":{"self":[{"href":"https:\/\/euroissues.pt\/en\/wp-json\/wp\/v2\/pages\/2054","targetHints":{"allow":["GET"]}}],"collection":[{"href":"https:\/\/euroissues.pt\/en\/wp-json\/wp\/v2\/pages"}],"about":[{"href":"https:\/\/euroissues.pt\/en\/wp-json\/wp\/v2\/types\/page"}],"author":[{"embeddable":true,"href":"https:\/\/euroissues.pt\/en\/wp-json\/wp\/v2\/users\/1"}],"replies":[{"embeddable":true,"href":"https:\/\/euroissues.pt\/en\/wp-json\/wp\/v2\/comments?post=2054"}],"version-history":[{"count":22,"href":"https:\/\/euroissues.pt\/en\/wp-json\/wp\/v2\/pages\/2054\/revisions"}],"predecessor-version":[{"id":3384,"href":"https:\/\/euroissues.pt\/en\/wp-json\/wp\/v2\/pages\/2054\/revisions\/3384"}],"wp:attachment":[{"href":"https:\/\/euroissues.pt\/en\/wp-json\/wp\/v2\/media?parent=2054"}],"curies":[{"name":"wp","href":"https:\/\/api.w.org\/{rel}","templated":true}]}}