{"id":3522,"date":"2026-03-10T13:02:30","date_gmt":"2026-03-10T13:02:30","guid":{"rendered":"https:\/\/euroissues.pt\/?page_id=3522"},"modified":"2026-03-10T18:35:44","modified_gmt":"2026-03-10T18:35:44","slug":"chamada-de-propostas","status":"publish","type":"page","link":"https:\/\/euroissues.pt\/en\/jornadas-xviii-2024\/chamada-de-propostas\/","title":{"rendered":"Call for Papers"},"content":{"rendered":"<div data-elementor-type=\"wp-page\" data-elementor-id=\"3522\" class=\"elementor elementor-3522\" data-elementor-post-type=\"page\">\n\t\t\t\t<div class=\"elementor-element elementor-element-964fa7d e-flex e-con-boxed e-con e-parent\" data-id=\"964fa7d\" data-element_type=\"container\" data-e-type=\"container\">\n\t\t\t\t\t<div class=\"e-con-inner\">\n\t\t<div class=\"elementor-element elementor-element-5bfee75 e-con-full e-flex e-con e-child\" data-id=\"5bfee75\" data-element_type=\"container\" data-e-type=\"container\">\n\t\t\t\t<div class=\"elementor-element elementor-element-81d42f6 elementor-widget__width-initial elementor-widget elementor-widget-text-editor\" data-id=\"81d42f6\" data-element_type=\"widget\" data-e-type=\"widget\" data-widget_type=\"text-editor.default\">\n\t\t\t\t<div class=\"elementor-widget-container\">\n\t\t\t\t\t\t\t\t\t<p>It is with great enthusiasm that we invite you to submit contributions to the various thematic areas of the XVIII International Seminars on the Overarching Issues of the European Area. This is an opportunity to share your research and expertise with an international community of specialists, practitioners, and policymakers. Join us on this journey, working together to promote strategic solutions to face the enormous challenges of our time and to structure a more sustainable and resilient future. Submit your abstract and be part of this international discussion. We look forward to your contributions and your presence at the conference!\nThe abstracts submitted must be unpublished, well-structured, and appropriate to the topics suggested for discussion at the event. They must be based on original data, of high technical quality, and meet international ethical standards.<\/p><p>The abstracts submitted must be unpublished, well-structured and appropriate to the topics suggested for discussion at the event. In this context, the abstracts submitted should focus on original data, high technical quality and meet international ethical standards.<\/p><p>Authors can choose the medium of presentation:<\/p><p>Oral presentation;<br \/>Poster presentation;<br \/>Poster.<\/p><p><strong>Date for abstract submission:<\/strong><\/p><p>a) 10 de abril de 2024<br \/>b) Notifica\u00e7\u00e3o de aceita\u00e7\u00e3o dos resumos: 30 de Abril de 2024<\/p>\t\t\t\t\t\t\t\t<\/div>\n\t\t\t\t<\/div>\n\t\t\t\t<\/div>\n\t\t<div class=\"elementor-element elementor-element-e330c25 e-con-full e-flex e-con e-child\" data-id=\"e330c25\" data-element_type=\"container\" data-e-type=\"container\">\n\t\t\t\t<div class=\"elementor-element elementor-element-5efb155 elementor-widget elementor-widget-heading\" data-id=\"5efb155\" data-element_type=\"widget\" data-e-type=\"widget\" data-widget_type=\"heading.default\">\n\t\t\t\t<div class=\"elementor-widget-container\">\n\t\t\t\t\t<h2 class=\"elementor-heading-title elementor-size-default\">Main topics<\/h2>\t\t\t\t<\/div>\n\t\t\t\t<\/div>\n\t\t\t\t<div class=\"elementor-element elementor-element-0f31566 elementor-widget elementor-widget-text-editor\" data-id=\"0f31566\" data-element_type=\"widget\" data-e-type=\"widget\" data-widget_type=\"text-editor.default\">\n\t\t\t\t<div class=\"elementor-widget-container\">\n\t\t\t\t\t\t\t\t\t<ol><li>Society and Culture<\/li><li>Education and Teaching<\/li><li>Social and economic dimensions of sustainability<\/li><li>Population ageing and rural health<\/li><li>Tradition, Heritage, and Tourism<\/li><li>Economy and Sustainability<\/li><li>Circular economy and waste management<\/li><li>Green technologies, energy, and innovation<\/li><li>Entrepreneurship and Digital Transformations in Territories<\/li><li>Urban-rural connections<\/li><li>Resilience and transitions in rural areas<\/li><li>Sustainable agriculture and food systems<\/li><li>Landscape and Ecosystem Management<\/li><li>Biodiversity Conservation and Sustainability<\/li><li>Resource management and conservation<\/li><li>Climate Change, Environment and Sustainable Development<\/li><li>Vulnerabilities, Risks and Civil Protection<\/li><li>Environmental policy and governance<\/li><li>Challenges of European Policy and Spatial Planning<\/li><li>European Security and Defence<\/li><\/ol><p>*Other topics may be accepted subject to a favorable opinion from the scientific committee.<\/p><ol><li style=\"list-style-type: none;\">\u00a0<\/li><\/ol>\t\t\t\t\t\t\t\t<\/div>\n\t\t\t\t<\/div>\n\t\t\t\t<\/div>\n\t\t\t\t\t<\/div>\n\t\t\t\t<\/div>\n\t\t\t\t<\/div>","protected":false},"excerpt":{"rendered":"<p>\u00c9 com grande entusiasmo que o convidamos a apresentar contribui\u00e7\u00f5es nas diversas \u00e1reas tem\u00e1ticas das XVIII Jornadas Internacionais Grandes Problem\u00e1ticas do Espa\u00e7o Europeu. Esta \u00e9 uma oportunidade para partilhar a sua investiga\u00e7\u00e3o e experi\u00eancia com uma comunidade internacional de cientistas, t\u00e9cnicos e decisores pol\u00edticos. Junte-se a n\u00f3s nesta jornada, trabalhando de forma conjunta no sentido [&hellip;]<\/p>\n","protected":false},"author":1,"featured_media":0,"parent":9,"menu_order":0,"comment_status":"closed","ping_status":"closed","template":"elementor_header_footer","meta":{"ocean_post_layout":"","ocean_both_sidebars_style":"","ocean_both_sidebars_content_width":0,"ocean_both_sidebars_sidebars_width":0,"ocean_sidebar":"","ocean_second_sidebar":"","ocean_disable_margins":"enable","ocean_add_body_class":"","ocean_shortcode_before_top_bar":"","ocean_shortcode_after_top_bar":"","ocean_shortcode_before_header":"","ocean_shortcode_after_header":"","ocean_has_shortcode":"","ocean_shortcode_after_title":"","ocean_shortcode_before_footer_widgets":"","ocean_shortcode_after_footer_widgets":"","ocean_shortcode_before_footer_bottom":"","ocean_shortcode_after_footer_bottom":"","ocean_display_top_bar":"default","ocean_display_header":"default","ocean_header_style":"","ocean_center_header_left_menu":"","ocean_custom_header_template":"","ocean_custom_logo":0,"ocean_custom_retina_logo":0,"ocean_custom_logo_max_width":0,"ocean_custom_logo_tablet_max_width":0,"ocean_custom_logo_mobile_max_width":0,"ocean_custom_logo_max_height":0,"ocean_custom_logo_tablet_max_height":0,"ocean_custom_logo_mobile_max_height":0,"ocean_header_custom_menu":"","ocean_menu_typo_font_family":"","ocean_menu_typo_font_subset":"","ocean_menu_typo_font_size":0,"ocean_menu_typo_font_size_tablet":0,"ocean_menu_typo_font_size_mobile":0,"ocean_menu_typo_font_size_unit":"px","ocean_menu_typo_font_weight":"","ocean_menu_typo_font_weight_tablet":"","ocean_menu_typo_font_weight_mobile":"","ocean_menu_typo_transform":"","ocean_menu_typo_transform_tablet":"","ocean_menu_typo_transform_mobile":"","ocean_menu_typo_line_height":0,"ocean_menu_typo_line_height_tablet":0,"ocean_menu_typo_line_height_mobile":0,"ocean_menu_typo_line_height_unit":"","ocean_menu_typo_spacing":0,"ocean_menu_typo_spacing_tablet":0,"ocean_menu_typo_spacing_mobile":0,"ocean_menu_typo_spacing_unit":"","ocean_menu_link_color":"","ocean_menu_link_color_hover":"","ocean_menu_link_color_active":"","ocean_menu_link_background":"","ocean_menu_link_hover_background":"","ocean_menu_link_active_background":"","ocean_menu_social_links_bg":"","ocean_menu_social_hover_links_bg":"","ocean_menu_social_links_color":"","ocean_menu_social_hover_links_color":"","ocean_disable_title":"default","ocean_disable_heading":"default","ocean_post_title":"","ocean_post_subheading":"","ocean_post_title_style":"","ocean_post_title_background_color":"","ocean_post_title_background":0,"ocean_post_title_bg_image_position":"","ocean_post_title_bg_image_attachment":"","ocean_post_title_bg_image_repeat":"","ocean_post_title_bg_image_size":"","ocean_post_title_height":0,"ocean_post_title_bg_overlay":0.5,"ocean_post_title_bg_overlay_color":"","ocean_disable_breadcrumbs":"default","ocean_breadcrumbs_color":"","ocean_breadcrumbs_separator_color":"","ocean_breadcrumbs_links_color":"","ocean_breadcrumbs_links_hover_color":"","ocean_display_footer_widgets":"default","ocean_display_footer_bottom":"default","ocean_custom_footer_template":"","footnotes":""},"class_list":["post-3522","page","type-page","status-publish","hentry","entry"],"yoast_head":"<!-- This site is optimized with the Yoast SEO plugin v27.4 - https:\/\/yoast.com\/product\/yoast-seo-wordpress\/ -->\n<title>Chamada de Propostas - EUROISSUES<\/title>\n<meta name=\"robots\" content=\"index, follow, max-snippet:-1, max-image-preview:large, max-video-preview:-1\" \/>\n<link rel=\"canonical\" href=\"https:\/\/euroissues.pt\/en\/jornadas-xviii-2024\/chamada-de-propostas\/\" \/>\n<meta property=\"og:locale\" content=\"en_GB\" \/>\n<meta property=\"og:type\" content=\"article\" \/>\n<meta property=\"og:title\" content=\"Chamada de Propostas - EUROISSUES\" \/>\n<meta property=\"og:description\" content=\"\u00c9 com grande entusiasmo que o convidamos a apresentar contribui\u00e7\u00f5es nas diversas \u00e1reas tem\u00e1ticas das XVIII Jornadas Internacionais Grandes Problem\u00e1ticas do Espa\u00e7o Europeu. Esta \u00e9 uma oportunidade para partilhar a sua investiga\u00e7\u00e3o e experi\u00eancia com uma comunidade internacional de cientistas, t\u00e9cnicos e decisores pol\u00edticos. Junte-se a n\u00f3s nesta jornada, trabalhando de forma conjunta no sentido [&hellip;]\" \/>\n<meta property=\"og:url\" content=\"https:\/\/euroissues.pt\/en\/jornadas-xviii-2024\/chamada-de-propostas\/\" \/>\n<meta property=\"og:site_name\" content=\"EUROISSUES\" \/>\n<meta property=\"article:modified_time\" content=\"2026-03-10T18:35:44+00:00\" \/>\n<meta name=\"twitter:card\" content=\"summary_large_image\" \/>\n<meta name=\"twitter:label1\" content=\"Estimated reading time\" \/>\n\t<meta name=\"twitter:data1\" content=\"2 minutes\" \/>\n<script type=\"application\/ld+json\" class=\"yoast-schema-graph\">{\"@context\":\"https:\\\/\\\/schema.org\",\"@graph\":[{\"@type\":\"WebPage\",\"@id\":\"https:\\\/\\\/euroissues.pt\\\/jornadas-xviii-2024\\\/chamada-de-propostas\\\/\",\"url\":\"https:\\\/\\\/euroissues.pt\\\/jornadas-xviii-2024\\\/chamada-de-propostas\\\/\",\"name\":\"Chamada de Propostas - EUROISSUES\",\"isPartOf\":{\"@id\":\"https:\\\/\\\/euroissues.pt\\\/#website\"},\"datePublished\":\"2026-03-10T13:02:30+00:00\",\"dateModified\":\"2026-03-10T18:35:44+00:00\",\"breadcrumb\":{\"@id\":\"https:\\\/\\\/euroissues.pt\\\/jornadas-xviii-2024\\\/chamada-de-propostas\\\/#breadcrumb\"},\"inLanguage\":\"en-GB\",\"potentialAction\":[{\"@type\":\"ReadAction\",\"target\":[\"https:\\\/\\\/euroissues.pt\\\/jornadas-xviii-2024\\\/chamada-de-propostas\\\/\"]}]},{\"@type\":\"BreadcrumbList\",\"@id\":\"https:\\\/\\\/euroissues.pt\\\/jornadas-xviii-2024\\\/chamada-de-propostas\\\/#breadcrumb\",\"itemListElement\":[{\"@type\":\"ListItem\",\"position\":1,\"name\":\"In\u00edcio\",\"item\":\"https:\\\/\\\/euroissues.pt\\\/\"},{\"@type\":\"ListItem\",\"position\":2,\"name\":\"Jornadas XVIII \u2013 2024\",\"item\":\"https:\\\/\\\/euroissues.pt\\\/jornadas-xviii-2024\\\/\"},{\"@type\":\"ListItem\",\"position\":3,\"name\":\"Chamada de Propostas\"}]},{\"@type\":\"WebSite\",\"@id\":\"https:\\\/\\\/euroissues.pt\\\/#website\",\"url\":\"https:\\\/\\\/euroissues.pt\\\/\",\"name\":\"EUROISSUES\",\"description\":\"Constru\u00e7\u00e3o de Territ\u00f3rios Resilientes e Sustent\u00e1veis\",\"publisher\":{\"@id\":\"https:\\\/\\\/euroissues.pt\\\/#organization\"},\"potentialAction\":[{\"@type\":\"SearchAction\",\"target\":{\"@type\":\"EntryPoint\",\"urlTemplate\":\"https:\\\/\\\/euroissues.pt\\\/?s={search_term_string}\"},\"query-input\":{\"@type\":\"PropertyValueSpecification\",\"valueRequired\":true,\"valueName\":\"search_term_string\"}}],\"inLanguage\":\"en-GB\"},{\"@type\":\"Organization\",\"@id\":\"https:\\\/\\\/euroissues.pt\\\/#organization\",\"name\":\"EUROISSUES\",\"url\":\"https:\\\/\\\/euroissues.pt\\\/\",\"logo\":{\"@type\":\"ImageObject\",\"inLanguage\":\"en-GB\",\"@id\":\"https:\\\/\\\/euroissues.pt\\\/#\\\/schema\\\/logo\\\/image\\\/\",\"url\":\"https:\\\/\\\/euroissues.pt\\\/wp-content\\\/uploads\\\/2024\\\/06\\\/cropped-logo_2.png\",\"contentUrl\":\"https:\\\/\\\/euroissues.pt\\\/wp-content\\\/uploads\\\/2024\\\/06\\\/cropped-logo_2.png\",\"width\":500,\"height\":138,\"caption\":\"EUROISSUES\"},\"image\":{\"@id\":\"https:\\\/\\\/euroissues.pt\\\/#\\\/schema\\\/logo\\\/image\\\/\"}}]}<\/script>\n<!-- \/ Yoast SEO plugin. -->","yoast_head_json":{"title":"Chamada de Propostas - EUROISSUES","robots":{"index":"index","follow":"follow","max-snippet":"max-snippet:-1","max-image-preview":"max-image-preview:large","max-video-preview":"max-video-preview:-1"},"canonical":"https:\/\/euroissues.pt\/en\/jornadas-xviii-2024\/chamada-de-propostas\/","og_locale":"en_GB","og_type":"article","og_title":"Chamada de Propostas - EUROISSUES","og_description":"\u00c9 com grande entusiasmo que o convidamos a apresentar contribui\u00e7\u00f5es nas diversas \u00e1reas tem\u00e1ticas das XVIII Jornadas Internacionais Grandes Problem\u00e1ticas do Espa\u00e7o Europeu. Esta \u00e9 uma oportunidade para partilhar a sua investiga\u00e7\u00e3o e experi\u00eancia com uma comunidade internacional de cientistas, t\u00e9cnicos e decisores pol\u00edticos. Junte-se a n\u00f3s nesta jornada, trabalhando de forma conjunta no sentido [&hellip;]","og_url":"https:\/\/euroissues.pt\/en\/jornadas-xviii-2024\/chamada-de-propostas\/","og_site_name":"EUROISSUES","article_modified_time":"2026-03-10T18:35:44+00:00","twitter_card":"summary_large_image","twitter_misc":{"Estimated reading time":"2 minutes"},"schema":{"@context":"https:\/\/schema.org","@graph":[{"@type":"WebPage","@id":"https:\/\/euroissues.pt\/jornadas-xviii-2024\/chamada-de-propostas\/","url":"https:\/\/euroissues.pt\/jornadas-xviii-2024\/chamada-de-propostas\/","name":"Chamada de Propostas - EUROISSUES","isPartOf":{"@id":"https:\/\/euroissues.pt\/#website"},"datePublished":"2026-03-10T13:02:30+00:00","dateModified":"2026-03-10T18:35:44+00:00","breadcrumb":{"@id":"https:\/\/euroissues.pt\/jornadas-xviii-2024\/chamada-de-propostas\/#breadcrumb"},"inLanguage":"en-GB","potentialAction":[{"@type":"ReadAction","target":["https:\/\/euroissues.pt\/jornadas-xviii-2024\/chamada-de-propostas\/"]}]},{"@type":"BreadcrumbList","@id":"https:\/\/euroissues.pt\/jornadas-xviii-2024\/chamada-de-propostas\/#breadcrumb","itemListElement":[{"@type":"ListItem","position":1,"name":"In\u00edcio","item":"https:\/\/euroissues.pt\/"},{"@type":"ListItem","position":2,"name":"Jornadas XVIII \u2013 2024","item":"https:\/\/euroissues.pt\/jornadas-xviii-2024\/"},{"@type":"ListItem","position":3,"name":"Chamada de Propostas"}]},{"@type":"WebSite","@id":"https:\/\/euroissues.pt\/#website","url":"https:\/\/euroissues.pt\/","name":"EUROISSUES","description":"Constru\u00e7\u00e3o de Territ\u00f3rios Resilientes e Sustent\u00e1veis","publisher":{"@id":"https:\/\/euroissues.pt\/#organization"},"potentialAction":[{"@type":"SearchAction","target":{"@type":"EntryPoint","urlTemplate":"https:\/\/euroissues.pt\/?s={search_term_string}"},"query-input":{"@type":"PropertyValueSpecification","valueRequired":true,"valueName":"search_term_string"}}],"inLanguage":"en-GB"},{"@type":"Organization","@id":"https:\/\/euroissues.pt\/#organization","name":"EUROISSUES","url":"https:\/\/euroissues.pt\/","logo":{"@type":"ImageObject","inLanguage":"en-GB","@id":"https:\/\/euroissues.pt\/#\/schema\/logo\/image\/","url":"https:\/\/euroissues.pt\/wp-content\/uploads\/2024\/06\/cropped-logo_2.png","contentUrl":"https:\/\/euroissues.pt\/wp-content\/uploads\/2024\/06\/cropped-logo_2.png","width":500,"height":138,"caption":"EUROISSUES"},"image":{"@id":"https:\/\/euroissues.pt\/#\/schema\/logo\/image\/"}}]}},"_links":{"self":[{"href":"https:\/\/euroissues.pt\/en\/wp-json\/wp\/v2\/pages\/3522","targetHints":{"allow":["GET"]}}],"collection":[{"href":"https:\/\/euroissues.pt\/en\/wp-json\/wp\/v2\/pages"}],"about":[{"href":"https:\/\/euroissues.pt\/en\/wp-json\/wp\/v2\/types\/page"}],"author":[{"embeddable":true,"href":"https:\/\/euroissues.pt\/en\/wp-json\/wp\/v2\/users\/1"}],"replies":[{"embeddable":true,"href":"https:\/\/euroissues.pt\/en\/wp-json\/wp\/v2\/comments?post=3522"}],"version-history":[{"count":8,"href":"https:\/\/euroissues.pt\/en\/wp-json\/wp\/v2\/pages\/3522\/revisions"}],"predecessor-version":[{"id":3531,"href":"https:\/\/euroissues.pt\/en\/wp-json\/wp\/v2\/pages\/3522\/revisions\/3531"}],"up":[{"embeddable":true,"href":"https:\/\/euroissues.pt\/en\/wp-json\/wp\/v2\/pages\/9"}],"wp:attachment":[{"href":"https:\/\/euroissues.pt\/en\/wp-json\/wp\/v2\/media?parent=3522"}],"curies":[{"name":"wp","href":"https:\/\/api.w.org\/{rel}","templated":true}]}}