{"id":913,"date":"2024-04-15T14:36:32","date_gmt":"2024-04-15T14:36:32","guid":{"rendered":"https:\/\/euroissues.pt\/?page_id=913"},"modified":"2024-05-03T14:15:12","modified_gmt":"2024-05-03T14:15:12","slug":"acao-de-formacao","status":"publish","type":"page","link":"https:\/\/euroissues.pt\/en\/acao-de-formacao\/","title":{"rendered":"Training Programme"},"content":{"rendered":"<div data-elementor-type=\"wp-page\" data-elementor-id=\"913\" class=\"elementor elementor-913\" data-elementor-post-type=\"page\">\n\t\t\t\t<div class=\"elementor-element elementor-element-ba8913e e-flex e-con-boxed e-con e-parent\" data-id=\"ba8913e\" data-element_type=\"container\" data-e-type=\"container\">\n\t\t\t\t\t<div class=\"e-con-inner\">\n\t\t\t\t<div class=\"elementor-element elementor-element-4d0c5c7 elementor-widget elementor-widget-text-editor\" data-id=\"4d0c5c7\" data-element_type=\"widget\" data-e-type=\"widget\" data-widget_type=\"text-editor.default\">\n\t\t\t\t<div class=\"elementor-widget-container\">\n\t\t\t\t\t\t\t\t\t<p>For 18 years, the Faculty of Arts and Humanities of the University of Porto has been organising the International Seminars on the Overarching Issues of the European Area.<\/p><p>The wide range of sessions presented can be an asset for scientific and pedagogical updating, especially for Geography teachers (420), given the permanent challenges that this subject is constantly facing. The training course is also aimed at teachers in the 200 and 430 groups.<\/p><p>Teachers who attend these sessions will hopefully have enriched their pedagogical perspectives, and thus teach in a way that is more meaningful and motivational for their students.<\/p><p>The Continuing Education Unit at FLUP is responsible for coordinating this training programme and is solely responsible for its administration. The same applies to attendance records, which will take place at various times during the programme, namely in the morning, at lunchtime, at the start and end of the afternoon sessions, as well as during the field trip.<\/p><p><strong>Goals<\/strong><\/p><ul><li>To update the scientific and pedagogical knowledge of professionals in order to develop their teaching, research and technical activities based on the principles, methods and techniques of Geographical Science.<\/li><li>To encourage the training of professionals for teaching and research, who understand spatial organisation, have intellectual autonomy, and develop a critical awareness of contemporary problems from a geographical perspective.<\/li><li>\u2022\tTo train Geography teachers at the interface of teaching, research and pedagogical practice.<\/li><\/ul><p><strong>TRAINING EVALUATION SCHEME<\/strong><\/p><p>- Participation in the sessions;<br \/>- Preparation of an individual report on three different presentations attended by the trainee. These can include the plenary session, a round table and two different thematic sessions, or alternatively three different thematic sessions. This report should also include a fourth point related to the field trip, in which the trainee should mention in what context they could apply the thematic development\/content of the field trip to a geography lesson and\/or a subject programme.<\/p><p><strong>\u00a0(TO BE SENT BY 30TH JUNE 2024)<\/strong><\/p>\t\t\t\t\t\t\t\t<\/div>\n\t\t\t\t<\/div>\n\t\t\t\t\t<\/div>\n\t\t\t\t<\/div>\n\t\t<div class=\"elementor-element elementor-element-f8af97c e-flex e-con-boxed e-con e-parent\" data-id=\"f8af97c\" data-element_type=\"container\" data-e-type=\"container\">\n\t\t\t\t\t<div class=\"e-con-inner\">\n\t\t\t\t<div class=\"elementor-element elementor-element-ff7e019 elementor-widget elementor-widget-text-editor\" data-id=\"ff7e019\" data-element_type=\"widget\" data-e-type=\"widget\" data-widget_type=\"text-editor.default\">\n\t\t\t\t<div class=\"elementor-widget-container\">\n\t\t\t\t\t\t\t\t\t<p><strong>1. Evaluation Criteria<\/strong><\/p><table><tbody><tr><td width=\"444\">Assessment\/grading criteria<\/td><td width=\"108\">Weighting<\/td><\/tr><tr><td width=\"444\">Attendance and participation<\/td><td width=\"108\">\u00a0 \u00a0 \u00a01<\/td><\/tr><tr><td width=\"444\">Critical reflection\/Final report<\/td><td width=\"108\">\u00a0 \u00a0 \u00a02<\/td><\/tr><\/tbody><\/table>\t\t\t\t\t\t\t\t<\/div>\n\t\t\t\t<\/div>\n\t\t\t\t\t<\/div>\n\t\t\t\t<\/div>\n\t\t<div class=\"elementor-element elementor-element-c8a7c3c e-flex e-con-boxed e-con e-parent\" data-id=\"c8a7c3c\" data-element_type=\"container\" data-e-type=\"container\">\n\t\t\t\t\t<div class=\"e-con-inner\">\n\t\t\t\t<div class=\"elementor-element elementor-element-c68d07f elementor-widget elementor-widget-text-editor\" data-id=\"c68d07f\" data-element_type=\"widget\" data-e-type=\"widget\" data-widget_type=\"text-editor.default\">\n\t\t\t\t<div class=\"elementor-widget-container\">\n\t\t\t\t\t\t\t\t\t<p><strong>2. Grading scale: from 1 to 10<\/strong><\/p><table><tbody><tr><td width=\"173\"><p style=\"text-align: center;\"><strong>%<\/strong><\/p><\/td><td style=\"text-align: center;\" width=\"192\"><p><strong>Valor<\/strong><\/p><\/td><td style=\"text-align: center;\" width=\"187\"><p><strong>Description:<\/strong><\/p><\/td><\/tr><tr><td width=\"173\"><p style=\"text-align: center;\">0- 29<\/p><\/td><td style=\"text-align: center;\" width=\"192\"><p><strong>1 a 4,9<\/strong><\/p><\/td><td width=\"187\"><p style=\"text-align: center;\">Insufficient<\/p><\/td><\/tr><tr><td width=\"173\"><p style=\"text-align: center;\">30 &#8211; 49<\/p><\/td><td style=\"text-align: center;\" width=\"192\"><p><strong>5 a 6,4<\/strong><\/p><\/td><td width=\"187\"><p style=\"text-align: center;\">Fair<\/p><\/td><\/tr><tr><td width=\"173\"><p style=\"text-align: center;\">50- 74<\/p><\/td><td style=\"text-align: center;\" width=\"192\"><p><strong>6,5 a 7,9<\/strong><\/p><\/td><td width=\"187\"><p style=\"text-align: center;\">Good<\/p><\/td><\/tr><tr><td width=\"173\"><p style=\"text-align: center;\">75-84<\/p><\/td><td style=\"text-align: center;\" width=\"192\"><p><strong>8 a 8,9<\/strong><\/p><\/td><td width=\"187\"><p style=\"text-align: center;\">Very good<\/p><\/td><\/tr><tr><td style=\"text-align: center;\" width=\"173\"><p>85-100<\/p><\/td><td style=\"text-align: center;\" width=\"192\"><p><strong>9 a 10<\/strong><\/p><\/td><td width=\"187\"><p style=\"text-align: center;\">Excellent<\/p><\/td><\/tr><\/tbody><\/table>\t\t\t\t\t\t\t\t<\/div>\n\t\t\t\t<\/div>\n\t\t\t\t\t<\/div>\n\t\t\t\t<\/div>\n\t\t<div class=\"elementor-element elementor-element-54af2c2 e-flex e-con-boxed e-con e-parent\" data-id=\"54af2c2\" data-element_type=\"container\" data-e-type=\"container\">\n\t\t\t\t\t<div class=\"e-con-inner\">\n\t\t\t\t<div class=\"elementor-element elementor-element-1779c8c elementor-widget elementor-widget-text-editor\" data-id=\"1779c8c\" data-element_type=\"widget\" data-e-type=\"widget\" data-widget_type=\"text-editor.default\">\n\t\t\t\t<div class=\"elementor-widget-container\">\n\t\t\t\t\t\t\t\t\t<p><strong>3. Final classification<\/strong><\/p><p>The quantitative grading is given on a scale of 1 to 10.<br \/>The final assessment will have a qualitative mention (Insufficient; Fair, Good, Very Good and Excellent) and the final grade of the quantitative evaluation.<\/p><p><strong>4. Absences<\/strong><\/p><p>According to the regulations in force, absences may not exceed 1\/3 of the number of contact hours of each action. Therefore, the weight of absences on the grading will be as follows:<\/p><p>No absences - 1 point<br \/>Up to 50% of the number of absences allowed - 0.5 (half) point<br \/>With more than 50% of the number of absences allowed - 0 (zero) points<\/p><p><strong>5. Number of training hours:<\/strong> 25 hours<\/p><p><strong>6. Critical report with the following structure<\/strong><\/p><p>Introduction<br \/>Considerations on the 4 themes.<br \/>Bibliography<br \/>Maximum number of pages: <strong>10<\/strong> including title page and bibliography.<\/p>\t\t\t\t\t\t\t\t<\/div>\n\t\t\t\t<\/div>\n\t\t\t\t\t<\/div>\n\t\t\t\t<\/div>\n\t\t<div class=\"elementor-element elementor-element-402d149 e-flex e-con-boxed e-con e-parent\" data-id=\"402d149\" data-element_type=\"container\" data-e-type=\"container\">\n\t\t\t\t\t<div class=\"e-con-inner\">\n\t\t\t\t<div class=\"elementor-element elementor-element-12370eb elementor-widget elementor-widget-text-editor\" data-id=\"12370eb\" data-element_type=\"widget\" data-e-type=\"widget\" data-widget_type=\"text-editor.default\">\n\t\t\t\t<div class=\"elementor-widget-container\">\n\t\t\t\t\t\t\t\t\t<p><strong>7. Guidelines for the text<\/strong><\/p><p>-\tThe text should contain\u00a0<strong>between 15.000 and 20.000 characters<\/strong>\u00a0(with spaces), maps, tables, photos, bibliography, etc. - Approximately 6 to 10 A4 pages.<br \/>-\tMargins: top 3 cm; bottom, right and left 2.5 cm.<\/p><p><strong>- Other information:<\/strong><\/p><p style=\"padding-left: 40px;\">-\ttitle of the work: in CAPITALS, bold, Arial font, 12 point;<br \/>-\tindication of the author, institution and e-mail address, in Arial 10 (aligned to the right, after the title).<br \/>&#8211; <strong>Text:<\/strong><\/p><ul><li style=\"list-style-type: none;\"><ul><li style=\"list-style-type: none;\"><ul><li>font: Arial 12<\/li><li>spacing: 1.5<\/li><li>headings: Arial 12, bold<\/li><li>subheadings: Arial 11, bold<\/li><li>(spacing between headings \/ subheadings: 2.0)<\/li><li>start of paragraph justified (1 cm)<\/li><li>maps, images, and photos, etc., must be inserted in the text and accompanied by the corresponding caption.<\/li><\/ul><\/li><\/ul><\/li><\/ul>\t\t\t\t\t\t\t\t<\/div>\n\t\t\t\t<\/div>\n\t\t\t\t\t<\/div>\n\t\t\t\t<\/div>\n\t\t\t\t<\/div>","protected":false},"excerpt":{"rendered":"<p>H\u00e1 j\u00e1 18 anos que a \u00a0Faculdade de Letras da Universidade do Porto organiza a Jornadas Internacionais sobre Grandes Problem\u00e1ticas do Espa\u00e7o Europeu. A grande diversidade das sess\u00f5es apresentadas, podem tornar-se uma mais valia para a atualiza\u00e7\u00e3o cient\u00edfica e pedag\u00f3gica, fundamentalmente, dos professores de Geografia (420), dado os permanentes desafios que esta disciplina est\u00e1 sempre [&hellip;]<\/p>\n","protected":false},"author":1,"featured_media":0,"parent":0,"menu_order":0,"comment_status":"closed","ping_status":"closed","template":"","meta":{"ocean_post_layout":"","ocean_both_sidebars_style":"","ocean_both_sidebars_content_width":0,"ocean_both_sidebars_sidebars_width":0,"ocean_sidebar":"","ocean_second_sidebar":"","ocean_disable_margins":"enable","ocean_add_body_class":"","ocean_shortcode_before_top_bar":"","ocean_shortcode_after_top_bar":"","ocean_shortcode_before_header":"","ocean_shortcode_after_header":"","ocean_has_shortcode":"","ocean_shortcode_after_title":"","ocean_shortcode_before_footer_widgets":"","ocean_shortcode_after_footer_widgets":"","ocean_shortcode_before_footer_bottom":"","ocean_shortcode_after_footer_bottom":"","ocean_display_top_bar":"default","ocean_display_header":"default","ocean_header_style":"","ocean_center_header_left_menu":"","ocean_custom_header_template":"","ocean_custom_logo":0,"ocean_custom_retina_logo":0,"ocean_custom_logo_max_width":0,"ocean_custom_logo_tablet_max_width":0,"ocean_custom_logo_mobile_max_width":0,"ocean_custom_logo_max_height":0,"ocean_custom_logo_tablet_max_height":0,"ocean_custom_logo_mobile_max_height":0,"ocean_header_custom_menu":"","ocean_menu_typo_font_family":"","ocean_menu_typo_font_subset":"","ocean_menu_typo_font_size":0,"ocean_menu_typo_font_size_tablet":0,"ocean_menu_typo_font_size_mobile":0,"ocean_menu_typo_font_size_unit":"px","ocean_menu_typo_font_weight":"","ocean_menu_typo_font_weight_tablet":"","ocean_menu_typo_font_weight_mobile":"","ocean_menu_typo_transform":"","ocean_menu_typo_transform_tablet":"","ocean_menu_typo_transform_mobile":"","ocean_menu_typo_line_height":0,"ocean_menu_typo_line_height_tablet":0,"ocean_menu_typo_line_height_mobile":0,"ocean_menu_typo_line_height_unit":"","ocean_menu_typo_spacing":0,"ocean_menu_typo_spacing_tablet":0,"ocean_menu_typo_spacing_mobile":0,"ocean_menu_typo_spacing_unit":"","ocean_menu_link_color":"","ocean_menu_link_color_hover":"","ocean_menu_link_color_active":"","ocean_menu_link_background":"","ocean_menu_link_hover_background":"","ocean_menu_link_active_background":"","ocean_menu_social_links_bg":"","ocean_menu_social_hover_links_bg":"","ocean_menu_social_links_color":"","ocean_menu_social_hover_links_color":"","ocean_disable_title":"default","ocean_disable_heading":"default","ocean_post_title":"","ocean_post_subheading":"","ocean_post_title_style":"","ocean_post_title_background_color":"","ocean_post_title_background":0,"ocean_post_title_bg_image_position":"","ocean_post_title_bg_image_attachment":"","ocean_post_title_bg_image_repeat":"","ocean_post_title_bg_image_size":"","ocean_post_title_height":0,"ocean_post_title_bg_overlay":0.5,"ocean_post_title_bg_overlay_color":"","ocean_disable_breadcrumbs":"default","ocean_breadcrumbs_color":"","ocean_breadcrumbs_separator_color":"","ocean_breadcrumbs_links_color":"","ocean_breadcrumbs_links_hover_color":"","ocean_display_footer_widgets":"default","ocean_display_footer_bottom":"default","ocean_custom_footer_template":"","footnotes":""},"class_list":["post-913","page","type-page","status-publish","hentry","entry"],"yoast_head":"<!-- This site is optimized with the Yoast SEO plugin v27.5 - https:\/\/yoast.com\/product\/yoast-seo-wordpress\/ -->\n<title>A\u00e7\u00e3o de Forma\u00e7\u00e3o - EUROISSUES<\/title>\n<meta name=\"robots\" content=\"index, follow, max-snippet:-1, max-image-preview:large, max-video-preview:-1\" \/>\n<link rel=\"canonical\" href=\"https:\/\/euroissues.pt\/en\/acao-de-formacao\/\" \/>\n<meta property=\"og:locale\" content=\"en_GB\" \/>\n<meta property=\"og:type\" content=\"article\" \/>\n<meta property=\"og:title\" content=\"A\u00e7\u00e3o de Forma\u00e7\u00e3o - EUROISSUES\" \/>\n<meta property=\"og:description\" content=\"H\u00e1 j\u00e1 18 anos que a \u00a0Faculdade de Letras da Universidade do Porto organiza a Jornadas Internacionais sobre Grandes Problem\u00e1ticas do Espa\u00e7o Europeu. A grande diversidade das sess\u00f5es apresentadas, podem tornar-se uma mais valia para a atualiza\u00e7\u00e3o cient\u00edfica e pedag\u00f3gica, fundamentalmente, dos professores de Geografia (420), dado os permanentes desafios que esta disciplina est\u00e1 sempre [&hellip;]\" \/>\n<meta property=\"og:url\" content=\"https:\/\/euroissues.pt\/en\/acao-de-formacao\/\" \/>\n<meta property=\"og:site_name\" content=\"EUROISSUES\" \/>\n<meta property=\"article:modified_time\" content=\"2024-05-03T14:15:12+00:00\" \/>\n<meta name=\"twitter:card\" content=\"summary_large_image\" \/>\n<meta name=\"twitter:label1\" content=\"Estimated reading time\" \/>\n\t<meta name=\"twitter:data1\" content=\"4 minutes\" \/>\n<script type=\"application\/ld+json\" class=\"yoast-schema-graph\">{\"@context\":\"https:\\\/\\\/schema.org\",\"@graph\":[{\"@type\":\"WebPage\",\"@id\":\"https:\\\/\\\/euroissues.pt\\\/acao-de-formacao\\\/\",\"url\":\"https:\\\/\\\/euroissues.pt\\\/acao-de-formacao\\\/\",\"name\":\"A\u00e7\u00e3o de Forma\u00e7\u00e3o - EUROISSUES\",\"isPartOf\":{\"@id\":\"https:\\\/\\\/euroissues.pt\\\/#website\"},\"datePublished\":\"2024-04-15T14:36:32+00:00\",\"dateModified\":\"2024-05-03T14:15:12+00:00\",\"breadcrumb\":{\"@id\":\"https:\\\/\\\/euroissues.pt\\\/acao-de-formacao\\\/#breadcrumb\"},\"inLanguage\":\"en-GB\",\"potentialAction\":[{\"@type\":\"ReadAction\",\"target\":[\"https:\\\/\\\/euroissues.pt\\\/acao-de-formacao\\\/\"]}]},{\"@type\":\"BreadcrumbList\",\"@id\":\"https:\\\/\\\/euroissues.pt\\\/acao-de-formacao\\\/#breadcrumb\",\"itemListElement\":[{\"@type\":\"ListItem\",\"position\":1,\"name\":\"In\u00edcio\",\"item\":\"https:\\\/\\\/euroissues.pt\\\/\"},{\"@type\":\"ListItem\",\"position\":2,\"name\":\"A\u00e7\u00e3o de Forma\u00e7\u00e3o\"}]},{\"@type\":\"WebSite\",\"@id\":\"https:\\\/\\\/euroissues.pt\\\/#website\",\"url\":\"https:\\\/\\\/euroissues.pt\\\/\",\"name\":\"EUROISSUES\",\"description\":\"Constru\u00e7\u00e3o de Territ\u00f3rios Resilientes e Sustent\u00e1veis\",\"publisher\":{\"@id\":\"https:\\\/\\\/euroissues.pt\\\/#organization\"},\"potentialAction\":[{\"@type\":\"SearchAction\",\"target\":{\"@type\":\"EntryPoint\",\"urlTemplate\":\"https:\\\/\\\/euroissues.pt\\\/?s={search_term_string}\"},\"query-input\":{\"@type\":\"PropertyValueSpecification\",\"valueRequired\":true,\"valueName\":\"search_term_string\"}}],\"inLanguage\":\"en-GB\"},{\"@type\":\"Organization\",\"@id\":\"https:\\\/\\\/euroissues.pt\\\/#organization\",\"name\":\"EUROISSUES\",\"url\":\"https:\\\/\\\/euroissues.pt\\\/\",\"logo\":{\"@type\":\"ImageObject\",\"inLanguage\":\"en-GB\",\"@id\":\"https:\\\/\\\/euroissues.pt\\\/#\\\/schema\\\/logo\\\/image\\\/\",\"url\":\"https:\\\/\\\/euroissues.pt\\\/wp-content\\\/uploads\\\/2024\\\/06\\\/cropped-logo_2.png\",\"contentUrl\":\"https:\\\/\\\/euroissues.pt\\\/wp-content\\\/uploads\\\/2024\\\/06\\\/cropped-logo_2.png\",\"width\":500,\"height\":138,\"caption\":\"EUROISSUES\"},\"image\":{\"@id\":\"https:\\\/\\\/euroissues.pt\\\/#\\\/schema\\\/logo\\\/image\\\/\"}}]}<\/script>\n<!-- \/ Yoast SEO plugin. -->","yoast_head_json":{"title":"A\u00e7\u00e3o de Forma\u00e7\u00e3o - EUROISSUES","robots":{"index":"index","follow":"follow","max-snippet":"max-snippet:-1","max-image-preview":"max-image-preview:large","max-video-preview":"max-video-preview:-1"},"canonical":"https:\/\/euroissues.pt\/en\/acao-de-formacao\/","og_locale":"en_GB","og_type":"article","og_title":"A\u00e7\u00e3o de Forma\u00e7\u00e3o - EUROISSUES","og_description":"H\u00e1 j\u00e1 18 anos que a \u00a0Faculdade de Letras da Universidade do Porto organiza a Jornadas Internacionais sobre Grandes Problem\u00e1ticas do Espa\u00e7o Europeu. A grande diversidade das sess\u00f5es apresentadas, podem tornar-se uma mais valia para a atualiza\u00e7\u00e3o cient\u00edfica e pedag\u00f3gica, fundamentalmente, dos professores de Geografia (420), dado os permanentes desafios que esta disciplina est\u00e1 sempre [&hellip;]","og_url":"https:\/\/euroissues.pt\/en\/acao-de-formacao\/","og_site_name":"EUROISSUES","article_modified_time":"2024-05-03T14:15:12+00:00","twitter_card":"summary_large_image","twitter_misc":{"Estimated reading time":"4 minutes"},"schema":{"@context":"https:\/\/schema.org","@graph":[{"@type":"WebPage","@id":"https:\/\/euroissues.pt\/acao-de-formacao\/","url":"https:\/\/euroissues.pt\/acao-de-formacao\/","name":"A\u00e7\u00e3o de Forma\u00e7\u00e3o - EUROISSUES","isPartOf":{"@id":"https:\/\/euroissues.pt\/#website"},"datePublished":"2024-04-15T14:36:32+00:00","dateModified":"2024-05-03T14:15:12+00:00","breadcrumb":{"@id":"https:\/\/euroissues.pt\/acao-de-formacao\/#breadcrumb"},"inLanguage":"en-GB","potentialAction":[{"@type":"ReadAction","target":["https:\/\/euroissues.pt\/acao-de-formacao\/"]}]},{"@type":"BreadcrumbList","@id":"https:\/\/euroissues.pt\/acao-de-formacao\/#breadcrumb","itemListElement":[{"@type":"ListItem","position":1,"name":"In\u00edcio","item":"https:\/\/euroissues.pt\/"},{"@type":"ListItem","position":2,"name":"A\u00e7\u00e3o de Forma\u00e7\u00e3o"}]},{"@type":"WebSite","@id":"https:\/\/euroissues.pt\/#website","url":"https:\/\/euroissues.pt\/","name":"EUROISSUES","description":"Constru\u00e7\u00e3o de Territ\u00f3rios Resilientes e Sustent\u00e1veis","publisher":{"@id":"https:\/\/euroissues.pt\/#organization"},"potentialAction":[{"@type":"SearchAction","target":{"@type":"EntryPoint","urlTemplate":"https:\/\/euroissues.pt\/?s={search_term_string}"},"query-input":{"@type":"PropertyValueSpecification","valueRequired":true,"valueName":"search_term_string"}}],"inLanguage":"en-GB"},{"@type":"Organization","@id":"https:\/\/euroissues.pt\/#organization","name":"EUROISSUES","url":"https:\/\/euroissues.pt\/","logo":{"@type":"ImageObject","inLanguage":"en-GB","@id":"https:\/\/euroissues.pt\/#\/schema\/logo\/image\/","url":"https:\/\/euroissues.pt\/wp-content\/uploads\/2024\/06\/cropped-logo_2.png","contentUrl":"https:\/\/euroissues.pt\/wp-content\/uploads\/2024\/06\/cropped-logo_2.png","width":500,"height":138,"caption":"EUROISSUES"},"image":{"@id":"https:\/\/euroissues.pt\/#\/schema\/logo\/image\/"}}]}},"_links":{"self":[{"href":"https:\/\/euroissues.pt\/en\/wp-json\/wp\/v2\/pages\/913","targetHints":{"allow":["GET"]}}],"collection":[{"href":"https:\/\/euroissues.pt\/en\/wp-json\/wp\/v2\/pages"}],"about":[{"href":"https:\/\/euroissues.pt\/en\/wp-json\/wp\/v2\/types\/page"}],"author":[{"embeddable":true,"href":"https:\/\/euroissues.pt\/en\/wp-json\/wp\/v2\/users\/1"}],"replies":[{"embeddable":true,"href":"https:\/\/euroissues.pt\/en\/wp-json\/wp\/v2\/comments?post=913"}],"version-history":[{"count":0,"href":"https:\/\/euroissues.pt\/en\/wp-json\/wp\/v2\/pages\/913\/revisions"}],"wp:attachment":[{"href":"https:\/\/euroissues.pt\/en\/wp-json\/wp\/v2\/media?parent=913"}],"curies":[{"name":"wp","href":"https:\/\/api.w.org\/{rel}","templated":true}]}}